{"id":5445,"date":"2025-03-13T09:00:26","date_gmt":"2025-03-13T08:00:26","guid":{"rendered":"https:\/\/theopenfaculty.com\/?page_id=5445"},"modified":"2026-04-29T09:42:14","modified_gmt":"2026-04-29T07:42:14","slug":"university-news","status":"publish","type":"page","link":"https:\/\/theopenfaculty.com\/en\/sobre-nosotros\/noticias-universitarias\/","title":{"rendered":"University news"},"content":{"rendered":"<div data-elementor-type=\"wp-page\" data-elementor-id=\"5445\" class=\"elementor elementor-5445\" data-elementor-post-type=\"page\">\n\t\t\t\t<div class=\"elementor-element elementor-element-1774111f e-con-full e-flex e-con e-parent\" data-id=\"1774111f\" data-element_type=\"container\" data-e-type=\"container\" data-settings=\"{&quot;background_background&quot;:&quot;classic&quot;}\">\n\t\t\t\t<div class=\"elementor-element elementor-element-2d809ce5 animated-slow elementor-invisible elementor-widget elementor-widget-heading\" data-id=\"2d809ce5\" data-element_type=\"widget\" data-e-type=\"widget\" data-settings=\"{&quot;_animation&quot;:&quot;slideInUp&quot;}\" data-widget_type=\"heading.default\">\n\t\t\t\t<div class=\"elementor-widget-container\">\n\t\t\t\t\t<h1 class=\"elementor-heading-title elementor-size-default\">NEWS<\/h1>\t\t\t\t<\/div>\n\t\t\t\t<\/div>\n\t\t\t\t<\/div>\n\t\t<div class=\"elementor-element elementor-element-4bc377f e-flex e-con-boxed e-con e-parent\" data-id=\"4bc377f\" data-element_type=\"container\" data-e-type=\"container\">\n\t\t\t\t\t<div class=\"e-con-inner\">\n\t\t\t\t<div class=\"elementor-element elementor-element-ae8e5d6 elementor-widget elementor-widget-spacer\" data-id=\"ae8e5d6\" data-element_type=\"widget\" data-e-type=\"widget\" data-widget_type=\"spacer.default\">\n\t\t\t\t<div class=\"elementor-widget-container\">\n\t\t\t\t\t\t\t<div class=\"elementor-spacer\">\n\t\t\t<div class=\"elementor-spacer-inner\"><\/div>\n\t\t<\/div>\n\t\t\t\t\t\t<\/div>\n\t\t\t\t<\/div>\n\t\t\t\t<div class=\"elementor-element elementor-element-2f5fa3c elementor-widget elementor-widget-text-editor\" data-id=\"2f5fa3c\" data-element_type=\"widget\" data-e-type=\"widget\" data-widget_type=\"text-editor.default\">\n\t\t\t\t<div class=\"elementor-widget-container\">\n\t\t\t\t\t\t\t\t\t<p>At The Open Faculty we are <span style=\"color: #0058b3;\"><strong>always at the forefront<\/strong><\/span>We are actively involved in projects, research and events that make a difference in the field of International Relations and Tourism. We want to share our <strong><span style=\"color: #0058b3;\">achievements, collaborations and news<\/span><\/strong> reflecting a commitment to excellence and innovation.<\/p>\t\t\t\t\t\t\t\t<\/div>\n\t\t\t\t<\/div>\n\t\t\t\t\t<\/div>\n\t\t\t\t<\/div>\n\t\t<div class=\"elementor-element elementor-element-59c684d e-flex e-con-boxed e-con e-parent\" data-id=\"59c684d\" data-element_type=\"container\" data-e-type=\"container\">\n\t\t\t\t\t<div class=\"e-con-inner\">\n\t\t\t\t<div class=\"elementor-element elementor-element-fe9fd5e elementor-grid-3 elementor-grid-tablet-2 elementor-grid-mobile-1 elementor-posts--thumbnail-top elementor-card-shadow-yes elementor-posts__hover-gradient elementor-widget elementor-widget-posts\" data-id=\"fe9fd5e\" data-element_type=\"widget\" data-e-type=\"widget\" data-settings=\"{&quot;pagination_type&quot;:&quot;numbers_and_prev_next&quot;,&quot;cards_columns&quot;:&quot;3&quot;,&quot;cards_columns_tablet&quot;:&quot;2&quot;,&quot;cards_columns_mobile&quot;:&quot;1&quot;,&quot;cards_row_gap&quot;:{&quot;unit&quot;:&quot;px&quot;,&quot;size&quot;:35,&quot;sizes&quot;:[]},&quot;cards_row_gap_tablet&quot;:{&quot;unit&quot;:&quot;px&quot;,&quot;size&quot;:&quot;&quot;,&quot;sizes&quot;:[]},&quot;cards_row_gap_mobile&quot;:{&quot;unit&quot;:&quot;px&quot;,&quot;size&quot;:&quot;&quot;,&quot;sizes&quot;:[]}}\" data-widget_type=\"posts.cards\">\n\t\t\t\t<div class=\"elementor-widget-container\">\n\t\t\t\t\t\t\t<div class=\"elementor-posts-container elementor-posts elementor-posts--skin-cards elementor-grid\" role=\"list\">\n\t\t\t\t<article class=\"elementor-post elementor-grid-item post-8984 post type-post status-publish format-standard has-post-thumbnail hentry category-noticias\" role=\"listitem\">\n\t\t\t<div class=\"elementor-post__card\">\n\t\t\t\t<a class=\"elementor-post__thumbnail__link\" href=\"https:\/\/theopenfaculty.com\/en\/2026\/04\/27\/primeros-reconocimientos-a-la-excelencia-en-relaciones-internacionales-y-diplomacia-de-la-region-de-murcia\/\" tabindex=\"-1\" ><div class=\"elementor-post__thumbnail\"><img fetchpriority=\"high\" decoding=\"async\" width=\"1600\" height=\"662\" src=\"https:\/\/theopenfaculty.com\/wp-content\/uploads\/2026\/04\/noticia-premios-diplomacia-2.jpeg\" class=\"attachment-full size-full wp-image-8985\" alt=\"\" srcset=\"https:\/\/theopenfaculty.com\/wp-content\/uploads\/2026\/04\/noticia-premios-diplomacia-2.jpeg 1600w, https:\/\/theopenfaculty.com\/wp-content\/uploads\/2026\/04\/noticia-premios-diplomacia-2-300x124.jpeg 300w, https:\/\/theopenfaculty.com\/wp-content\/uploads\/2026\/04\/noticia-premios-diplomacia-2-1024x424.jpeg 1024w, https:\/\/theopenfaculty.com\/wp-content\/uploads\/2026\/04\/noticia-premios-diplomacia-2-768x318.jpeg 768w, https:\/\/theopenfaculty.com\/wp-content\/uploads\/2026\/04\/noticia-premios-diplomacia-2-1536x636.jpeg 1536w, https:\/\/theopenfaculty.com\/wp-content\/uploads\/2026\/04\/noticia-premios-diplomacia-2-18x7.jpeg 18w\" sizes=\"(max-width: 1600px) 100vw, 1600px\" \/><\/div><\/a>\n\t\t\t\t<div class=\"elementor-post__text\">\n\t\t\t\t<h3 class=\"elementor-post__title\">\n\t\t\t<a href=\"https:\/\/theopenfaculty.com\/en\/2026\/04\/27\/primeros-reconocimientos-a-la-excelencia-en-relaciones-internacionales-y-diplomacia-de-la-region-de-murcia\/\" >\n\t\t\t\tFirst recognitions for excellence in International Relations and Diplomacy in the Region of Murcia\t\t\t<\/a>\n\t\t<\/h3>\n\t\t\t\t<div class=\"elementor-post__excerpt\">\n\t\t\t<p>The Region of Murcia has celebrated the first edition of the awards for excellence in International Relations, honouring the career of diplomat Inocencio Arias, the role of Proexport in global projection, and the New York entity La Nacional-Spanish Benevolent Society. <\/p>\n\t\t<\/div>\n\t\t\n\t\t<a class=\"elementor-post__read-more\" href=\"https:\/\/theopenfaculty.com\/en\/2026\/04\/27\/primeros-reconocimientos-a-la-excelencia-en-relaciones-internacionales-y-diplomacia-de-la-region-de-murcia\/\" aria-label=\"Read more about Primeros reconocimientos a la excelencia en Relaciones Internacionales y Diplomacia de la Regi\u00f3n de Murcia\" tabindex=\"-1\" >\n\t\t\tRead more \"\t\t<\/a>\n\n\t\t\t\t<\/div>\n\t\t\t\t\t<\/div>\n\t\t<\/article>\n\t\t\t\t<article class=\"elementor-post elementor-grid-item post-8672 post type-post status-publish format-standard has-post-thumbnail hentry category-noticias\" role=\"listitem\">\n\t\t\t<div class=\"elementor-post__card\">\n\t\t\t\t<a class=\"elementor-post__thumbnail__link\" href=\"https:\/\/theopenfaculty.com\/en\/2026\/03\/26\/cristobal-colon-se-acerca-a-los-estudiantes-de-relaciones-internacionales\/\" tabindex=\"-1\" ><div class=\"elementor-post__thumbnail\"><img decoding=\"async\" width=\"2560\" height=\"1440\" src=\"https:\/\/theopenfaculty.com\/wp-content\/uploads\/2026\/03\/Cristonal-Colon-scaled.jpeg\" class=\"attachment-full size-full wp-image-8737\" alt=\"\" srcset=\"https:\/\/theopenfaculty.com\/wp-content\/uploads\/2026\/03\/Cristonal-Colon-scaled.jpeg 2560w, https:\/\/theopenfaculty.com\/wp-content\/uploads\/2026\/03\/Cristonal-Colon-300x169.jpeg 300w, https:\/\/theopenfaculty.com\/wp-content\/uploads\/2026\/03\/Cristonal-Colon-1024x576.jpeg 1024w, https:\/\/theopenfaculty.com\/wp-content\/uploads\/2026\/03\/Cristonal-Colon-768x432.jpeg 768w, https:\/\/theopenfaculty.com\/wp-content\/uploads\/2026\/03\/Cristonal-Colon-1536x864.jpeg 1536w, https:\/\/theopenfaculty.com\/wp-content\/uploads\/2026\/03\/Cristonal-Colon-2048x1152.jpeg 2048w, https:\/\/theopenfaculty.com\/wp-content\/uploads\/2026\/03\/Cristonal-Colon-18x10.jpeg 18w\" sizes=\"(max-width: 2560px) 100vw, 2560px\" \/><\/div><\/a>\n\t\t\t\t<div class=\"elementor-post__text\">\n\t\t\t\t<h3 class=\"elementor-post__title\">\n\t\t\t<a href=\"https:\/\/theopenfaculty.com\/en\/2026\/03\/26\/cristobal-colon-se-acerca-a-los-estudiantes-de-relaciones-internacionales\/\" >\n\t\t\t\tChristopher Columbus reaches out to International Relations students\t\t\t<\/a>\n\t\t<\/h3>\n\t\t\t\t<div class=\"elementor-post__excerpt\">\n\t\t\t<p>The descendant of Christopher Columbus visits The Open Faculty and shares a meeting with International Relations students about history, Spain and its role in the world.<\/p>\n\t\t<\/div>\n\t\t\n\t\t<a class=\"elementor-post__read-more\" href=\"https:\/\/theopenfaculty.com\/en\/2026\/03\/26\/cristobal-colon-se-acerca-a-los-estudiantes-de-relaciones-internacionales\/\" aria-label=\"Read more about Crist\u00f3bal Col\u00f3n se acerca a los estudiantes de Relaciones Internacionales\" tabindex=\"-1\" >\n\t\t\tRead more \"\t\t<\/a>\n\n\t\t\t\t<\/div>\n\t\t\t\t\t<\/div>\n\t\t<\/article>\n\t\t\t\t<article class=\"elementor-post elementor-grid-item post-8492 post type-post status-publish format-standard has-post-thumbnail hentry category-noticias\" role=\"listitem\">\n\t\t\t<div class=\"elementor-post__card\">\n\t\t\t\t<a class=\"elementor-post__thumbnail__link\" href=\"https:\/\/theopenfaculty.com\/en\/2026\/03\/05\/murcia-acoge-el-murmun-2026-el-primer-modelo-de-naciones-unidas-impulsado-por-estudiantes-del-grado-en-relaciones-internacionales\/\" tabindex=\"-1\" ><div class=\"elementor-post__thumbnail\"><img decoding=\"async\" width=\"3375\" height=\"1875\" src=\"https:\/\/theopenfaculty.com\/wp-content\/uploads\/2026\/03\/MURMUN-PRESENTACION-MURCIA.png\" class=\"attachment-full size-full wp-image-8495\" alt=\"\" srcset=\"https:\/\/theopenfaculty.com\/wp-content\/uploads\/2026\/03\/MURMUN-PRESENTACION-MURCIA.png 3375w, https:\/\/theopenfaculty.com\/wp-content\/uploads\/2026\/03\/MURMUN-PRESENTACION-MURCIA-300x167.png 300w, https:\/\/theopenfaculty.com\/wp-content\/uploads\/2026\/03\/MURMUN-PRESENTACION-MURCIA-1024x569.png 1024w, https:\/\/theopenfaculty.com\/wp-content\/uploads\/2026\/03\/MURMUN-PRESENTACION-MURCIA-768x427.png 768w, https:\/\/theopenfaculty.com\/wp-content\/uploads\/2026\/03\/MURMUN-PRESENTACION-MURCIA-1536x853.png 1536w, https:\/\/theopenfaculty.com\/wp-content\/uploads\/2026\/03\/MURMUN-PRESENTACION-MURCIA-2048x1138.png 2048w, https:\/\/theopenfaculty.com\/wp-content\/uploads\/2026\/03\/MURMUN-PRESENTACION-MURCIA-18x10.png 18w\" sizes=\"(max-width: 3375px) 100vw, 3375px\" \/><\/div><\/a>\n\t\t\t\t<div class=\"elementor-post__text\">\n\t\t\t\t<h3 class=\"elementor-post__title\">\n\t\t\t<a href=\"https:\/\/theopenfaculty.com\/en\/2026\/03\/05\/murcia-acoge-el-murmun-2026-el-primer-modelo-de-naciones-unidas-impulsado-por-estudiantes-del-grado-en-relaciones-internacionales\/\" >\n\t\t\t\tMurcia hosts MURMUN 2026, the first Model United Nations promoted by students of the International Relations degree programme\t\t\t<\/a>\n\t\t<\/h3>\n\t\t\t\t<div class=\"elementor-post__excerpt\">\n\t\t\t<p>The first edition of MURMUN kicks off, where students from the University of Murcia and other universities in Spain will participate for several days in debate, learning and diplomacy sessions.<\/p>\n\t\t<\/div>\n\t\t\n\t\t<a class=\"elementor-post__read-more\" href=\"https:\/\/theopenfaculty.com\/en\/2026\/03\/05\/murcia-acoge-el-murmun-2026-el-primer-modelo-de-naciones-unidas-impulsado-por-estudiantes-del-grado-en-relaciones-internacionales\/\" aria-label=\"Read more about Murcia acoge el MURMUN 2026, el primer Modelo de Naciones Unidas impulsado por estudiantes del grado en Relaciones Internacionales\" tabindex=\"-1\" >\n\t\t\tRead more \"\t\t<\/a>\n\n\t\t\t\t<\/div>\n\t\t\t\t\t<\/div>\n\t\t<\/article>\n\t\t\t\t<article class=\"elementor-post elementor-grid-item post-8480 post type-post status-publish format-standard has-post-thumbnail hentry category-noticias\" role=\"listitem\">\n\t\t\t<div class=\"elementor-post__card\">\n\t\t\t\t<a class=\"elementor-post__thumbnail__link\" href=\"https:\/\/theopenfaculty.com\/en\/2026\/02\/26\/murcia-se-convierte-en-el-epicentro-de-la-diplomacia-joven-con-el-estreno-de-murmun-2026\/\" tabindex=\"-1\" ><div class=\"elementor-post__thumbnail\"><img loading=\"lazy\" decoding=\"async\" width=\"1600\" height=\"818\" src=\"https:\/\/theopenfaculty.com\/wp-content\/uploads\/2026\/02\/Presentacion-murmun-2026.jpeg\" class=\"attachment-full size-full wp-image-8481\" alt=\"\" srcset=\"https:\/\/theopenfaculty.com\/wp-content\/uploads\/2026\/02\/Presentacion-murmun-2026.jpeg 1600w, https:\/\/theopenfaculty.com\/wp-content\/uploads\/2026\/02\/Presentacion-murmun-2026-300x153.jpeg 300w, https:\/\/theopenfaculty.com\/wp-content\/uploads\/2026\/02\/Presentacion-murmun-2026-1024x524.jpeg 1024w, https:\/\/theopenfaculty.com\/wp-content\/uploads\/2026\/02\/Presentacion-murmun-2026-768x393.jpeg 768w, https:\/\/theopenfaculty.com\/wp-content\/uploads\/2026\/02\/Presentacion-murmun-2026-1536x785.jpeg 1536w, https:\/\/theopenfaculty.com\/wp-content\/uploads\/2026\/02\/Presentacion-murmun-2026-18x9.jpeg 18w\" sizes=\"(max-width: 1600px) 100vw, 1600px\" \/><\/div><\/a>\n\t\t\t\t<div class=\"elementor-post__text\">\n\t\t\t\t<h3 class=\"elementor-post__title\">\n\t\t\t<a href=\"https:\/\/theopenfaculty.com\/en\/2026\/02\/26\/murcia-se-convierte-en-el-epicentro-de-la-diplomacia-joven-con-el-estreno-de-murmun-2026\/\" >\n\t\t\t\tMurcia becomes the epicentre of youth diplomacy with the premiere of MURMUN 2026\t\t\t<\/a>\n\t\t<\/h3>\n\t\t\t\t<div class=\"elementor-post__excerpt\">\n\t\t\t<p>The Open Faculty University Centre hosts the first edition of MURMUN.<br \/>\nAn initiative organised by International Relations students, where young people will demonstrate their diplomatic potential.<\/p>\n\t\t<\/div>\n\t\t\n\t\t<a class=\"elementor-post__read-more\" href=\"https:\/\/theopenfaculty.com\/en\/2026\/02\/26\/murcia-se-convierte-en-el-epicentro-de-la-diplomacia-joven-con-el-estreno-de-murmun-2026\/\" aria-label=\"Read more about Murcia se convierte en el epicentro de la diplomacia joven con el estreno de MURMUN 2026\" tabindex=\"-1\" >\n\t\t\tRead more \"\t\t<\/a>\n\n\t\t\t\t<\/div>\n\t\t\t\t\t<\/div>\n\t\t<\/article>\n\t\t\t\t<article class=\"elementor-post elementor-grid-item post-8450 post type-post status-publish format-standard has-post-thumbnail hentry category-noticias\" role=\"listitem\">\n\t\t\t<div class=\"elementor-post__card\">\n\t\t\t\t<a class=\"elementor-post__thumbnail__link\" href=\"https:\/\/theopenfaculty.com\/en\/2026\/02\/18\/the-open-faculty-el-cuerpo-consular-de-la-region-y-el-distrito-oeste-de-murcia-unidos-para-impulsar-las-relaciones-internacionales\/\" tabindex=\"-1\" ><div class=\"elementor-post__thumbnail\"><img loading=\"lazy\" decoding=\"async\" width=\"1200\" height=\"1600\" src=\"https:\/\/theopenfaculty.com\/wp-content\/uploads\/2026\/02\/convenio-cuerpo-consular-y-distrito.jpeg\" class=\"attachment-full size-full wp-image-8451\" alt=\"\" srcset=\"https:\/\/theopenfaculty.com\/wp-content\/uploads\/2026\/02\/convenio-cuerpo-consular-y-distrito.jpeg 1200w, https:\/\/theopenfaculty.com\/wp-content\/uploads\/2026\/02\/convenio-cuerpo-consular-y-distrito-225x300.jpeg 225w, https:\/\/theopenfaculty.com\/wp-content\/uploads\/2026\/02\/convenio-cuerpo-consular-y-distrito-768x1024.jpeg 768w, https:\/\/theopenfaculty.com\/wp-content\/uploads\/2026\/02\/convenio-cuerpo-consular-y-distrito-1152x1536.jpeg 1152w, https:\/\/theopenfaculty.com\/wp-content\/uploads\/2026\/02\/convenio-cuerpo-consular-y-distrito-9x12.jpeg 9w\" sizes=\"(max-width: 1200px) 100vw, 1200px\" \/><\/div><\/a>\n\t\t\t\t<div class=\"elementor-post__text\">\n\t\t\t\t<h3 class=\"elementor-post__title\">\n\t\t\t<a href=\"https:\/\/theopenfaculty.com\/en\/2026\/02\/18\/the-open-faculty-el-cuerpo-consular-de-la-region-y-el-distrito-oeste-de-murcia-unidos-para-impulsar-las-relaciones-internacionales\/\" >\n\t\t\t\tThe Open Faculty, the Consular Corps of the Region and the Western District of Murcia join forces to promote International Relations\t\t\t<\/a>\n\t\t<\/h3>\n\t\t\t\t<div class=\"elementor-post__excerpt\">\n\t\t\t<p>The signing of this agreement seeks to strengthen ties between the academic and diplomatic spheres in order to boost cultural exchange, opening up new opportunities for global projection.<\/p>\n\t\t<\/div>\n\t\t\n\t\t<a class=\"elementor-post__read-more\" href=\"https:\/\/theopenfaculty.com\/en\/2026\/02\/18\/the-open-faculty-el-cuerpo-consular-de-la-region-y-el-distrito-oeste-de-murcia-unidos-para-impulsar-las-relaciones-internacionales\/\" aria-label=\"Read more about The Open Faculty, el Cuerpo Consular de la Regi\u00f3n y el Distrito Oeste de Murcia unidos para impulsar las Relaciones Internacionales\" tabindex=\"-1\" >\n\t\t\tRead more \"\t\t<\/a>\n\n\t\t\t\t<\/div>\n\t\t\t\t\t<\/div>\n\t\t<\/article>\n\t\t\t\t<article class=\"elementor-post elementor-grid-item post-8438 post type-post status-publish format-standard has-post-thumbnail hentry category-noticias\" role=\"listitem\">\n\t\t\t<div class=\"elementor-post__card\">\n\t\t\t\t<a class=\"elementor-post__thumbnail__link\" href=\"https:\/\/theopenfaculty.com\/en\/2026\/02\/16\/nuevo-acuerdo-que-garantiza-un-alojamiento-a-los-estudiantes-de-the-open-faculty\/\" tabindex=\"-1\" ><div class=\"elementor-post__thumbnail\"><img loading=\"lazy\" decoding=\"async\" width=\"2560\" height=\"1440\" src=\"https:\/\/theopenfaculty.com\/wp-content\/uploads\/2026\/02\/Convenio-universitario-Residencia-JC1-Murcia-scaled.jpg\" class=\"attachment-full size-full wp-image-8439\" alt=\"\" srcset=\"https:\/\/theopenfaculty.com\/wp-content\/uploads\/2026\/02\/Convenio-universitario-Residencia-JC1-Murcia-scaled.jpg 2560w, https:\/\/theopenfaculty.com\/wp-content\/uploads\/2026\/02\/Convenio-universitario-Residencia-JC1-Murcia-300x169.jpg 300w, https:\/\/theopenfaculty.com\/wp-content\/uploads\/2026\/02\/Convenio-universitario-Residencia-JC1-Murcia-1024x576.jpg 1024w, https:\/\/theopenfaculty.com\/wp-content\/uploads\/2026\/02\/Convenio-universitario-Residencia-JC1-Murcia-768x432.jpg 768w, https:\/\/theopenfaculty.com\/wp-content\/uploads\/2026\/02\/Convenio-universitario-Residencia-JC1-Murcia-1536x864.jpg 1536w, https:\/\/theopenfaculty.com\/wp-content\/uploads\/2026\/02\/Convenio-universitario-Residencia-JC1-Murcia-2048x1152.jpg 2048w, https:\/\/theopenfaculty.com\/wp-content\/uploads\/2026\/02\/Convenio-universitario-Residencia-JC1-Murcia-18x10.jpg 18w\" sizes=\"(max-width: 2560px) 100vw, 2560px\" \/><\/div><\/a>\n\t\t\t\t<div class=\"elementor-post__text\">\n\t\t\t\t<h3 class=\"elementor-post__title\">\n\t\t\t<a href=\"https:\/\/theopenfaculty.com\/en\/2026\/02\/16\/nuevo-acuerdo-que-garantiza-un-alojamiento-a-los-estudiantes-de-the-open-faculty\/\" >\n\t\t\t\tNew agreement guaranteeing accommodation for The Open Faculty students\t\t\t<\/a>\n\t\t<\/h3>\n\t\t\t\t<div class=\"elementor-post__excerpt\">\n\t\t\t<p>Agreement with the JC1 Residence in Murcia so that our students have priority places in their university stay.<\/p>\n\t\t<\/div>\n\t\t\n\t\t<a class=\"elementor-post__read-more\" href=\"https:\/\/theopenfaculty.com\/en\/2026\/02\/16\/nuevo-acuerdo-que-garantiza-un-alojamiento-a-los-estudiantes-de-the-open-faculty\/\" aria-label=\"Read more about Nuevo acuerdo que garantiza un alojamiento a los estudiantes de The Open Faculty\" tabindex=\"-1\" >\n\t\t\tRead more \"\t\t<\/a>\n\n\t\t\t\t<\/div>\n\t\t\t\t\t<\/div>\n\t\t<\/article>\n\t\t\t\t<article class=\"elementor-post elementor-grid-item post-8273 post type-post status-publish format-standard has-post-thumbnail hentry category-noticias\" role=\"listitem\">\n\t\t\t<div class=\"elementor-post__card\">\n\t\t\t\t<a class=\"elementor-post__thumbnail__link\" href=\"https:\/\/theopenfaculty.com\/en\/2025\/12\/01\/reconocimiento-real-a-la-facultad-de-turismo-de-la-universidad-de-murcia\/\" tabindex=\"-1\" ><div class=\"elementor-post__thumbnail\"><img loading=\"lazy\" decoding=\"async\" width=\"2048\" height=\"2048\" src=\"https:\/\/theopenfaculty.com\/wp-content\/uploads\/2025\/12\/Reconocimiento-institucional-rey.jpg\" class=\"attachment-full size-full wp-image-8274\" alt=\"\" srcset=\"https:\/\/theopenfaculty.com\/wp-content\/uploads\/2025\/12\/Reconocimiento-institucional-rey.jpg 2048w, https:\/\/theopenfaculty.com\/wp-content\/uploads\/2025\/12\/Reconocimiento-institucional-rey-300x300.jpg 300w, https:\/\/theopenfaculty.com\/wp-content\/uploads\/2025\/12\/Reconocimiento-institucional-rey-1024x1024.jpg 1024w, https:\/\/theopenfaculty.com\/wp-content\/uploads\/2025\/12\/Reconocimiento-institucional-rey-150x150.jpg 150w, https:\/\/theopenfaculty.com\/wp-content\/uploads\/2025\/12\/Reconocimiento-institucional-rey-768x768.jpg 768w, https:\/\/theopenfaculty.com\/wp-content\/uploads\/2025\/12\/Reconocimiento-institucional-rey-1536x1536.jpg 1536w, https:\/\/theopenfaculty.com\/wp-content\/uploads\/2025\/12\/Reconocimiento-institucional-rey-12x12.jpg 12w\" sizes=\"(max-width: 2048px) 100vw, 2048px\" \/><\/div><\/a>\n\t\t\t\t<div class=\"elementor-post__text\">\n\t\t\t\t<h3 class=\"elementor-post__title\">\n\t\t\t<a href=\"https:\/\/theopenfaculty.com\/en\/2025\/12\/01\/reconocimiento-real-a-la-facultad-de-turismo-de-la-universidad-de-murcia\/\" >\n\t\t\t\tRoyal Recognition of the Faculty of Tourism of the University of Murcia\t\t\t<\/a>\n\t\t<\/h3>\n\t\t\t\t<div class=\"elementor-post__excerpt\">\n\t\t\t<p>Our University Centre has been officially distinguished, in recognition of the excellent performance of its students of the Degree in International Relations in an official act of the Royal Order of Knights of Santa Mar\u00eda del Puig.<\/p>\n\t\t<\/div>\n\t\t\n\t\t<a class=\"elementor-post__read-more\" href=\"https:\/\/theopenfaculty.com\/en\/2025\/12\/01\/reconocimiento-real-a-la-facultad-de-turismo-de-la-universidad-de-murcia\/\" aria-label=\"Read more about Reconocimiento Real a la Facultad de Turismo de la Universidad de Murcia\" tabindex=\"-1\" >\n\t\t\tRead more \"\t\t<\/a>\n\n\t\t\t\t<\/div>\n\t\t\t\t\t<\/div>\n\t\t<\/article>\n\t\t\t\t<article class=\"elementor-post elementor-grid-item post-8227 post type-post status-publish format-standard has-post-thumbnail hentry category-noticias\" role=\"listitem\">\n\t\t\t<div class=\"elementor-post__card\">\n\t\t\t\t<a class=\"elementor-post__thumbnail__link\" href=\"https:\/\/theopenfaculty.com\/en\/2025\/11\/27\/encuentro-internacional-con-expertos-y-estudiantes-de-georgia-y-kazajistan\/\" tabindex=\"-1\" ><div class=\"elementor-post__thumbnail\"><img loading=\"lazy\" decoding=\"async\" width=\"3375\" height=\"1875\" src=\"https:\/\/theopenfaculty.com\/wp-content\/uploads\/2025\/11\/Seminario-internacional-univerdad-de-murcia.png\" class=\"attachment-full size-full wp-image-8228\" alt=\"\" srcset=\"https:\/\/theopenfaculty.com\/wp-content\/uploads\/2025\/11\/Seminario-internacional-univerdad-de-murcia.png 3375w, https:\/\/theopenfaculty.com\/wp-content\/uploads\/2025\/11\/Seminario-internacional-univerdad-de-murcia-300x167.png 300w, https:\/\/theopenfaculty.com\/wp-content\/uploads\/2025\/11\/Seminario-internacional-univerdad-de-murcia-1024x569.png 1024w, https:\/\/theopenfaculty.com\/wp-content\/uploads\/2025\/11\/Seminario-internacional-univerdad-de-murcia-768x427.png 768w, https:\/\/theopenfaculty.com\/wp-content\/uploads\/2025\/11\/Seminario-internacional-univerdad-de-murcia-1536x853.png 1536w, https:\/\/theopenfaculty.com\/wp-content\/uploads\/2025\/11\/Seminario-internacional-univerdad-de-murcia-2048x1138.png 2048w, https:\/\/theopenfaculty.com\/wp-content\/uploads\/2025\/11\/Seminario-internacional-univerdad-de-murcia-18x10.png 18w\" sizes=\"(max-width: 3375px) 100vw, 3375px\" \/><\/div><\/a>\n\t\t\t\t<div class=\"elementor-post__text\">\n\t\t\t\t<h3 class=\"elementor-post__title\">\n\t\t\t<a href=\"https:\/\/theopenfaculty.com\/en\/2025\/11\/27\/encuentro-internacional-con-expertos-y-estudiantes-de-georgia-y-kazajistan\/\" >\n\t\t\t\tInternational Meeting with experts and students from Georgia and Kazakhstan\t\t\t<\/a>\n\t\t<\/h3>\n\t\t\t\t<div class=\"elementor-post__excerpt\">\n\t\t\t<p>Active debate with our International Relations students on diplomacy, trade and cooperation.<\/p>\n\t\t<\/div>\n\t\t\n\t\t<a class=\"elementor-post__read-more\" href=\"https:\/\/theopenfaculty.com\/en\/2025\/11\/27\/encuentro-internacional-con-expertos-y-estudiantes-de-georgia-y-kazajistan\/\" aria-label=\"Read more about Encuentro Internacional con expertos y estudiantes de Georgia y Kazajist\u00e1n\" tabindex=\"-1\" >\n\t\t\tRead more \"\t\t<\/a>\n\n\t\t\t\t<\/div>\n\t\t\t\t\t<\/div>\n\t\t<\/article>\n\t\t\t\t<article class=\"elementor-post elementor-grid-item post-7971 post type-post status-publish format-standard has-post-thumbnail hentry category-noticias\" role=\"listitem\">\n\t\t\t<div class=\"elementor-post__card\">\n\t\t\t\t<a class=\"elementor-post__thumbnail__link\" href=\"https:\/\/theopenfaculty.com\/en\/2025\/10\/27\/el-coronel-francisco-javier-fernandez-ensena-a-los-estudiantes-del-grado-en-relaciones-internacionales-la-logica-estrategica-de-china\/\" tabindex=\"-1\" ><div class=\"elementor-post__thumbnail\"><img loading=\"lazy\" decoding=\"async\" width=\"1200\" height=\"1600\" src=\"https:\/\/theopenfaculty.com\/wp-content\/uploads\/2025\/10\/Seminario-magistral-China.jpg\" class=\"attachment-full size-full wp-image-7972\" alt=\"\" srcset=\"https:\/\/theopenfaculty.com\/wp-content\/uploads\/2025\/10\/Seminario-magistral-China.jpg 1200w, https:\/\/theopenfaculty.com\/wp-content\/uploads\/2025\/10\/Seminario-magistral-China-225x300.jpg 225w, https:\/\/theopenfaculty.com\/wp-content\/uploads\/2025\/10\/Seminario-magistral-China-768x1024.jpg 768w, https:\/\/theopenfaculty.com\/wp-content\/uploads\/2025\/10\/Seminario-magistral-China-1152x1536.jpg 1152w, https:\/\/theopenfaculty.com\/wp-content\/uploads\/2025\/10\/Seminario-magistral-China-9x12.jpg 9w\" sizes=\"(max-width: 1200px) 100vw, 1200px\" \/><\/div><\/a>\n\t\t\t\t<div class=\"elementor-post__text\">\n\t\t\t\t<h3 class=\"elementor-post__title\">\n\t\t\t<a href=\"https:\/\/theopenfaculty.com\/en\/2025\/10\/27\/el-coronel-francisco-javier-fernandez-ensena-a-los-estudiantes-del-grado-en-relaciones-internacionales-la-logica-estrategica-de-china\/\" >\n\t\t\t\tColonel Francisco Javier Fern\u00e1ndez teaches International Relations students about China's strategic logic.\t\t\t<\/a>\n\t\t<\/h3>\n\t\t\t\t<div class=\"elementor-post__excerpt\">\n\t\t\t<p>In this master seminar our students learned how China's strategy is patient, comprehensive and focused on influence rather than confrontation.<\/p>\n\t\t<\/div>\n\t\t\n\t\t<a class=\"elementor-post__read-more\" href=\"https:\/\/theopenfaculty.com\/en\/2025\/10\/27\/el-coronel-francisco-javier-fernandez-ensena-a-los-estudiantes-del-grado-en-relaciones-internacionales-la-logica-estrategica-de-china\/\" aria-label=\"Read more about El coronel Francisco Javier Fern\u00e1ndez ense\u00f1a a los estudiantes del grado en Relaciones Internacionales la l\u00f3gica estrat\u00e9gica de China.\" tabindex=\"-1\" >\n\t\t\tRead more \"\t\t<\/a>\n\n\t\t\t\t<\/div>\n\t\t\t\t\t<\/div>\n\t\t<\/article>\n\t\t\t\t<\/div>\n\t\t\n\t\t\t\t<div class=\"e-load-more-anchor\" data-page=\"1\" data-max-page=\"4\" data-next-page=\"https:\/\/theopenfaculty.com\/en\/wp-json\/wp\/v2\/pages\/5445\/page\/2\/\"><\/div>\n\t\t\t\t<nav class=\"elementor-pagination\" aria-label=\"Pagination\">\n\t\t\t<span class=\"page-numbers prev\">\"Previous<\/span>\n<span aria-current=\"page\" class=\"page-numbers current\"><span class=\"elementor-screen-only\">Page<\/span>1<\/span>\n<a class=\"page-numbers\" href=\"https:\/\/theopenfaculty.com\/en\/wp-json\/wp\/v2\/pages\/5445\/page\/2\/\"><span class=\"elementor-screen-only\">Page<\/span>2<\/a>\n<a class=\"page-numbers\" href=\"https:\/\/theopenfaculty.com\/en\/wp-json\/wp\/v2\/pages\/5445\/page\/3\/\"><span class=\"elementor-screen-only\">Page<\/span>3<\/a>\n<a class=\"page-numbers\" href=\"https:\/\/theopenfaculty.com\/en\/wp-json\/wp\/v2\/pages\/5445\/page\/4\/\"><span class=\"elementor-screen-only\">Page<\/span>4<\/a>\n<a class=\"page-numbers next\" href=\"https:\/\/theopenfaculty.com\/en\/wp-json\/wp\/v2\/pages\/5445\/page\/2\/\">Next \"<\/a>\t\t<\/nav>\n\t\t\t\t\t\t<\/div>\n\t\t\t\t<\/div>\n\t\t\t\t\t<\/div>\n\t\t\t\t<\/div>\n\t\t\t\t<\/div>","protected":false},"excerpt":{"rendered":"<p>CURRENTS At The Open Faculty we are always at the forefront, actively participating in projects, research and events that make a difference in the field of International Relations and Tourism. We want to share our achievements, collaborations and news that reflect our commitment to excellence and innovation.<\/p>","protected":false},"author":2,"featured_media":0,"parent":3466,"menu_order":0,"comment_status":"closed","ping_status":"closed","template":"","meta":{"site-sidebar-layout":"no-sidebar","site-content-layout":"","ast-site-content-layout":"full-width-container","site-content-style":"default","site-sidebar-style":"default","ast-global-header-display":"","ast-banner-title-visibility":"","ast-main-header-display":"","ast-hfb-above-header-display":"","ast-hfb-below-header-display":"","ast-hfb-mobile-header-display":"","site-post-title":"disabled","ast-breadcrumbs-content":"","ast-featured-img":"disabled","footer-sml-layout":"","theme-transparent-header-meta":"","adv-header-id-meta":"","stick-header-meta":"","header-above-stick-meta":"","header-main-stick-meta":"","header-below-stick-meta":"","astra-migrate-meta-layouts":"default","ast-page-background-enabled":"default","ast-page-background-meta":{"desktop":{"background-color":"var(--ast-global-color-4)","background-image":"","background-repeat":"repeat","background-position":"center center","background-size":"auto","background-attachment":"scroll","background-type":"","background-media":"","overlay-type":"","overlay-color":"","overlay-opacity":"","overlay-gradient":""},"tablet":{"background-color":"","background-image":"","background-repeat":"repeat","background-position":"center center","background-size":"auto","background-attachment":"scroll","background-type":"","background-media":"","overlay-type":"","overlay-color":"","overlay-opacity":"","overlay-gradient":""},"mobile":{"background-color":"","background-image":"","background-repeat":"repeat","background-position":"center center","background-size":"auto","background-attachment":"scroll","background-type":"","background-media":"","overlay-type":"","overlay-color":"","overlay-opacity":"","overlay-gradient":""}},"ast-content-background-meta":{"desktop":{"background-color":"var(--ast-global-color-5)","background-image":"","background-repeat":"repeat","background-position":"center center","background-size":"auto","background-attachment":"scroll","background-type":"","background-media":"","overlay-type":"","overlay-color":"","overlay-opacity":"","overlay-gradient":""},"tablet":{"background-color":"var(--ast-global-color-5)","background-image":"","background-repeat":"repeat","background-position":"center center","background-size":"auto","background-attachment":"scroll","background-type":"","background-media":"","overlay-type":"","overlay-color":"","overlay-opacity":"","overlay-gradient":""},"mobile":{"background-color":"var(--ast-global-color-5)","background-image":"","background-repeat":"repeat","background-position":"center center","background-size":"auto","background-attachment":"scroll","background-type":"","background-media":"","overlay-type":"","overlay-color":"","overlay-opacity":"","overlay-gradient":""}},"footnotes":""},"class_list":["post-5445","page","type-page","status-publish","hentry"],"_links":{"self":[{"href":"https:\/\/theopenfaculty.com\/en\/wp-json\/wp\/v2\/pages\/5445","targetHints":{"allow":["GET"]}}],"collection":[{"href":"https:\/\/theopenfaculty.com\/en\/wp-json\/wp\/v2\/pages"}],"about":[{"href":"https:\/\/theopenfaculty.com\/en\/wp-json\/wp\/v2\/types\/page"}],"author":[{"embeddable":true,"href":"https:\/\/theopenfaculty.com\/en\/wp-json\/wp\/v2\/users\/2"}],"replies":[{"embeddable":true,"href":"https:\/\/theopenfaculty.com\/en\/wp-json\/wp\/v2\/comments?post=5445"}],"version-history":[{"count":16,"href":"https:\/\/theopenfaculty.com\/en\/wp-json\/wp\/v2\/pages\/5445\/revisions"}],"predecessor-version":[{"id":9068,"href":"https:\/\/theopenfaculty.com\/en\/wp-json\/wp\/v2\/pages\/5445\/revisions\/9068"}],"up":[{"embeddable":true,"href":"https:\/\/theopenfaculty.com\/en\/wp-json\/wp\/v2\/pages\/3466"}],"wp:attachment":[{"href":"https:\/\/theopenfaculty.com\/en\/wp-json\/wp\/v2\/media?parent=5445"}],"curies":[{"name":"wp","href":"https:\/\/api.w.org\/{rel}","templated":true}]}}